{"id":6675,"date":"2026-01-26T16:58:21","date_gmt":"2026-01-26T15:58:21","guid":{"rendered":"https:\/\/www.euryo.org\/web\/?page_id=6675"},"modified":"2026-02-24T10:37:21","modified_gmt":"2026-02-24T09:37:21","slug":"euryo-summer-school-2026-the-azores","status":"publish","type":"page","link":"https:\/\/www.euryo.org\/web\/euryo-summer-school-2026-the-azores\/","title":{"rendered":"EURYO Summer School 2026 &#8211; The Azores"},"content":{"rendered":"\t\t<div data-elementor-type=\"wp-page\" data-elementor-id=\"6675\" class=\"elementor elementor-6675\">\n\t\t\t\t<div class=\"elementor-element elementor-element-62dbf2d0 e-flex e-con-boxed e-con e-parent\" data-id=\"62dbf2d0\" data-element_type=\"container\" data-e-type=\"container\">\n\t\t\t\t\t<div class=\"e-con-inner\">\n\t\t\t\t<div class=\"elementor-element elementor-element-752ad972 elementor-widget__width-inherit elementor-widget elementor-widget-text-editor\" data-id=\"752ad972\" data-element_type=\"widget\" data-e-type=\"widget\" data-widget_type=\"text-editor.default\">\n\t\t\t\t<div class=\"elementor-widget-container\">\n\t\t\t\t\t\t\t\t\t<p><img fetchpriority=\"high\" decoding=\"async\" class=\"wp-image-6696 size-large aligncenter\" src=\"https:\/\/www.euryo.org\/web\/wp-content\/uploads\/2026\/02\/EURYO-Summer-School-The-Azores-2026-1024x1024.png\" alt=\"\" width=\"640\" height=\"640\" srcset=\"https:\/\/www.euryo.org\/web\/wp-content\/uploads\/2026\/02\/EURYO-Summer-School-The-Azores-2026-1024x1024.png 1024w, https:\/\/www.euryo.org\/web\/wp-content\/uploads\/2026\/02\/EURYO-Summer-School-The-Azores-2026-300x300.png 300w, https:\/\/www.euryo.org\/web\/wp-content\/uploads\/2026\/02\/EURYO-Summer-School-The-Azores-2026-150x150.png 150w, https:\/\/www.euryo.org\/web\/wp-content\/uploads\/2026\/02\/EURYO-Summer-School-The-Azores-2026-768x768.png 768w, https:\/\/www.euryo.org\/web\/wp-content\/uploads\/2026\/02\/EURYO-Summer-School-The-Azores-2026-24x24.png 24w, https:\/\/www.euryo.org\/web\/wp-content\/uploads\/2026\/02\/EURYO-Summer-School-The-Azores-2026-36x36.png 36w, https:\/\/www.euryo.org\/web\/wp-content\/uploads\/2026\/02\/EURYO-Summer-School-The-Azores-2026-48x48.png 48w, https:\/\/www.euryo.org\/web\/wp-content\/uploads\/2026\/02\/EURYO-Summer-School-The-Azores-2026-600x600.png 600w, https:\/\/www.euryo.org\/web\/wp-content\/uploads\/2026\/02\/EURYO-Summer-School-The-Azores-2026-116x116.png 116w, https:\/\/www.euryo.org\/web\/wp-content\/uploads\/2026\/02\/EURYO-Summer-School-The-Azores-2026.png 1200w\" sizes=\"(max-width: 640px) 100vw, 640px\" \/><\/p>\t\t\t\t\t\t\t\t<\/div>\n\t\t\t\t<\/div>\n\t\t\t\t<div class=\"elementor-element elementor-element-469f786 elementor-widget elementor-widget-shortcode\" data-id=\"469f786\" data-element_type=\"widget\" data-e-type=\"widget\" data-widget_type=\"shortcode.default\">\n\t\t\t\t<div class=\"elementor-widget-container\">\n\t\t\t\t\t\t\t<div class=\"elementor-shortcode\"><div class=\"ycd-all-content-wrapper ycd-countdown-content-wrapper-6683\"><div class=\"ycd-countdown-wrapper\"><div class=\"ycd-circle-expiration-before-countdown\" style=\"display:none\"><\/div><div class=\"ycd-circle-before-countdown\"><\/div>\t\t<div class=\"ycd-circle-6683-wrapper ycd-circle-wrapper ycd-countdown-content-wrapper\">\n\t\t\t<div\n\t\t\t\tid=\"ycd-circle-6683\"\n\t\t\t\tdata-id=\"6683\"\n\t\t\t\tclass=\"ycd-time-circle\"\n\t\t\t\tdata-options='{&quot;id&quot;:6683,&quot;ycd-seconds&quot;:11263461,&quot;ycd-countdown-date-type&quot;:&quot;dueDate&quot;,&quot;ycd-countdown-duration-days&quot;:&quot;0&quot;,&quot;ycd-countdown-duration-hours&quot;:&quot;0&quot;,&quot;ycd-countdown-duration-minutes&quot;:&quot;0&quot;,&quot;ycd-countdown-duration-seconds&quot;:&quot;30&quot;,&quot;ycd-countdown-save-duration&quot;:&quot;&quot;,&quot;ycd-countdown-save-duration-each-user&quot;:&quot;&quot;,&quot;ycd-date-time-picker&quot;:&quot;2026-09-07 08:00&quot;,&quot;ycd-time-zone&quot;:&quot;Atlantic\\\/Azores&quot;,&quot;ycd-countdown-restart&quot;:&quot;&quot;,&quot;ycd-countdown-restart-hour&quot;:&quot;1&quot;,&quot;ycd-countdown-expire-behavior&quot;:&quot;hideCountdown&quot;,&quot;ycd-count-up-from-end-date&quot;:&quot;&quot;,&quot;ycd-countdown-enable-woo-condition&quot;:&quot;checked&quot;,&quot;ycd-woo-condition&quot;:&quot;disabled&quot;,&quot;ycd-scroll-to-countdown&quot;:&quot;&quot;,&quot;isExpired&quot;:false,&quot;animation&quot;:&quot;smooth&quot;,&quot;direction&quot;:&quot;Clockwise&quot;,&quot;fg_width&quot;:&quot;0.1&quot;,&quot;bg_width&quot;:&quot;1.2&quot;,&quot;start_angle&quot;:&quot;0&quot;,&quot;count_past_zero&quot;:false,&quot;hideTextInsideCircle&quot;:true,&quot;circle_bg_color&quot;:&quot;#60686F&quot;,&quot;use_background&quot;:&quot;checked&quot;,&quot;ycd-schedule-time-zone&quot;:&quot;&quot;,&quot;startDay&quot;:null,&quot;startDayNumber&quot;:null,&quot;endDay&quot;:null,&quot;endDayNumber&quot;:null,&quot;currentDayNumber&quot;:null,&quot;ycd-schedule-end-to&quot;:&quot;&quot;,&quot;ycd-schedule-start-from&quot;:&quot;&quot;,&quot;ycd-countdown-showing-limitation&quot;:&quot;&quot;,&quot;ycd-countdown-expiration-time&quot;:&quot;1&quot;,&quot;ycd-countdown-switch-number&quot;:&quot;&quot;,&quot;ycd-countdown-last-seconds&quot;:&quot;checked&quot;,&quot;ycd-countdown-last-seconds-duration&quot;:&quot;10&quot;,&quot;ycd-countdown-last-seconds-color&quot;:&quot;rgba(250, 0, 0, 1)&quot;,&quot;time&quot;:{&quot;Years&quot;:{&quot;text&quot;:&quot;Years&quot;,&quot;color&quot;:&quot;#A52A2A&quot;,&quot;show&quot;:&quot;&quot;},&quot;Months&quot;:{&quot;text&quot;:&quot;Months&quot;,&quot;color&quot;:&quot;#8A2BE2&quot;,&quot;show&quot;:&quot;&quot;},&quot;Days&quot;:{&quot;text&quot;:&quot;DAYS&quot;,&quot;color&quot;:&quot;#FFCC66&quot;,&quot;show&quot;:&quot;checked&quot;},&quot;Hours&quot;:{&quot;text&quot;:&quot;HOURS&quot;,&quot;color&quot;:&quot;#99CCFF&quot;,&quot;show&quot;:&quot;checked&quot;},&quot;Minutes&quot;:{&quot;text&quot;:&quot;MINUTES&quot;,&quot;color&quot;:&quot;#BBFFBB&quot;,&quot;show&quot;:&quot;checked&quot;},&quot;Seconds&quot;:{&quot;text&quot;:&quot;SECONDS&quot;,&quot;color&quot;:&quot;#FF9999&quot;,&quot;show&quot;:&quot;checked&quot;}}}'\n\t\t\t\tdata-all-options='{&quot;ycd-fixed-position&quot;:&quot;top_left&quot;,&quot;ycd-fixed-positions-top&quot;:&quot;0px&quot;,&quot;ycd-fixed-positions-right&quot;:&quot;0px&quot;,&quot;ycd-fixed-positions-bottom&quot;:&quot;0px&quot;,&quot;ycd-fixed-positions-left&quot;:&quot;0px&quot;,&quot;ycd-countdown-display-on&quot;:&quot;on&quot;,&quot;ycd-position-countdown&quot;:&quot;top_center&quot;,&quot;ycd-display-settings&quot;:[{&quot;key1&quot;:&quot;select_settings&quot;,&quot;key3&quot;:[]}],&quot;ycd-countdown-date-type&quot;:&quot;dueDate&quot;,&quot;ycd-date-time-picker&quot;:&quot;2026-09-07 08:00&quot;,&quot;ycd-circle-time-zone&quot;:&quot;Atlantic\\\/Azores&quot;,&quot;ycd-woo-time-zone&quot;:&quot;&quot;,&quot;ycd-woo-coupon-date&quot;:&quot;&quot;,&quot;ycd-countdown-restart-hour&quot;:&quot;1&quot;,&quot;ycd-countdown-duration-days&quot;:&quot;0&quot;,&quot;ycd-countdown-duration-hours&quot;:&quot;0&quot;,&quot;ycd-countdown-duration-minutes&quot;:&quot;0&quot;,&quot;ycd-countdown-duration-seconds&quot;:&quot;30&quot;,&quot;ycd-schedule-time-zone&quot;:&quot;&quot;,&quot;ycd-schedule-start-from&quot;:&quot;&quot;,&quot;ycd-schedule-end-to&quot;:&quot;&quot;,&quot;ycd-schedule2-time-zone&quot;:&quot;&quot;,&quot;ycd-schedule2-from&quot;:&quot;&quot;,&quot;ycd-schedule2-to&quot;:&quot;&quot;,&quot;ycd-countdown-evergreen-days&quot;:&quot;0&quot;,&quot;ycd-countdown-evergreen-hours&quot;:&quot;0&quot;,&quot;ycd-countdown-evergreen-minutes&quot;:&quot;0&quot;,&quot;ycd-countdown-evergreen-seconds&quot;:&quot;30&quot;,&quot;ycd-schedule3-time-zone&quot;:&quot;&quot;,&quot;ycd-schedule3-time&quot;:&quot;&quot;,&quot;ycd-countdown-enable-woo-condition&quot;:&quot;on&quot;,&quot;ycd-woo-condition&quot;:&quot;disabled&quot;,&quot;ycd-countdown-start-date&quot;:&quot;2026-02-15 19:30&quot;,&quot;ycd-countdown-start-time-zone&quot;:&quot;Europe\\\/Madrid&quot;,&quot;ycd-countdown-end-sound-url&quot;:&quot;https:\\\/\\\/www.euryo.org\\\/web\\\/wp-content\\\/plugins\\\/countdown-builder\\\/lib\\\/alarm.mp3&quot;,&quot;ycd-custom-css&quot;:&quot;&quot;,&quot;ycd-custom-js&quot;:&quot;&quot;,&quot;ycd-subscribe-width&quot;:&quot;100%&quot;,&quot;ycd-form-above-text&quot;:&quot;Join Our Newsletter&quot;,&quot;ycd-form-input-text&quot;:&quot;Enter your email here&quot;,&quot;ycd-form-submit-text&quot;:&quot;Subscribe&quot;,&quot;ycd-form-submit-color&quot;:&quot;#3274d1&quot;,&quot;ycd-subscribe-success-message&quot;:&quot;Thanks for subscribing.&quot;,&quot;ycd-subscribe-error-message&quot;:&quot;Invalid email address.&quot;,&quot;ycd-countdown-expire-behavior&quot;:&quot;hideCountdown&quot;,&quot;ycd-expire-text&quot;:&quot;&quot;,&quot;ycd-expire-url&quot;:&quot;&quot;,&quot;ycd-button-name&quot;:&quot;Buy Now&quot;,&quot;ycd-button-width&quot;:&quot;200px&quot;,&quot;ycd-button-height&quot;:&quot;50px&quot;,&quot;ycd-button-border-width&quot;:&quot;0px&quot;,&quot;ycd-button-border-types&quot;:&quot;0&quot;,&quot;ycd-button-border-radius&quot;:&quot;5&quot;,&quot;ycd-button-margin-top&quot;:&quot;0px&quot;,&quot;ycd-button-margin-right&quot;:&quot;0px&quot;,&quot;ycd-button-margin-bottom&quot;:&quot;0px&quot;,&quot;ycd-button-margin-left&quot;:&quot;0px&quot;,&quot;ycd-button-opacity&quot;:&quot;1&quot;,&quot;ycd-button-font-size&quot;:&quot;14px&quot;,&quot;ycd-button-bg-color&quot;:&quot;#4dba7a&quot;,&quot;ycd-button-color&quot;:&quot;#ffffff&quot;,&quot;ycd-button-border-color&quot;:&quot;&quot;,&quot;ycd-button-hover-animation-speed&quot;:&quot;&quot;,&quot;ycd-button-hover-bg-color&quot;:&quot;#4dba7a&quot;,&quot;ycd-button-hover-color&quot;:&quot;#ffffff&quot;,&quot;ycd-countdown-button-behavior&quot;:&quot;redirect&quot;,&quot;ycd-button-action-url&quot;:&quot;https:\\\/\\\/www.euryo.org\\\/web&quot;,&quot;ycd-scroll-to-selector&quot;:&quot;&quot;,&quot;ycd-animation-speed&quot;:&quot;&quot;,&quot;ycd-download-url&quot;:&quot;&quot;,&quot;ycd-download-name&quot;:&quot;&quot;,&quot;ycd-button-copy-text&quot;:&quot;&quot;,&quot;ycd-button-alert-text&quot;:&quot;&quot;,&quot;ycd-countdown-floating-position&quot;:&quot;top_left&quot;,&quot;ycd-countdown-floating-position-top&quot;:&quot;0px&quot;,&quot;ycd-countdown-floating-position-right&quot;:&quot;0px&quot;,&quot;ycd-countdown-floating-position-bottom&quot;:&quot;0px&quot;,&quot;ycd-countdown-floating-position-left&quot;:&quot;0px&quot;,&quot;ycd-countdown-floating-text&quot;:&quot;Click&quot;,&quot;ycd-countdown-floating-close-text&quot;:&quot;Close&quot;,&quot;ycd-countdown-enable-float-sound-url&quot;:&quot;https:\\\/\\\/www.euryo.org\\\/web\\\/wp-content\\\/plugins\\\/countdown-builder\\\/lib\\\/click.mp3&quot;,&quot;ycd-countdown-floating-padding-top&quot;:&quot;0px&quot;,&quot;ycd-countdown-floating-padding-right&quot;:&quot;0px&quot;,&quot;ycd-countdown-floating-padding-bottom&quot;:&quot;0px&quot;,&quot;ycd-countdown-floating-padding-left&quot;:&quot;0px&quot;,&quot;ycd-countdown-floating-text-padding-top&quot;:&quot;0px&quot;,&quot;ycd-countdown-floating-text-padding-right&quot;:&quot;0px&quot;,&quot;ycd-countdown-floating-text-padding-bottom&quot;:&quot;0px&quot;,&quot;ycd-countdown-floating-text-padding-left&quot;:&quot;0px&quot;,&quot;ycd-countdown-floating-text-size&quot;:&quot;20px&quot;,&quot;ycd-countdown-floating-font-weight&quot;:&quot;normal&quot;,&quot;ycd-countdown-floating-text-color&quot;:&quot;&quot;,&quot;ycd-countdown-floating-text-bg-color&quot;:&quot;&quot;,&quot;ycd-countdown-floating-text-content-bg-color&quot;:&quot;&quot;,&quot;ycd-date-progress-start-date&quot;:&quot;2026-02-15 19:30&quot;,&quot;ycd-progress-width&quot;:&quot;&quot;,&quot;ycd-progress-height&quot;:&quot;&quot;,&quot;ycd-progress-main-color&quot;:&quot;&quot;,&quot;ycd-progress-color&quot;:&quot;&quot;,&quot;ycd-progress-text-color&quot;:&quot;&quot;,&quot;ycd-text-font-size&quot;:&quot;9&quot;,&quot;ycd-text-margin-top&quot;:&quot;0&quot;,&quot;ycd-countdown-font-weight&quot;:&quot;normal&quot;,&quot;ycd-countdown-font-style&quot;:&quot;initial&quot;,&quot;ycd-text-font-family&quot;:&quot;Century Gothic&quot;,&quot;ycd-text-font-family-custom&quot;:&quot;&quot;,&quot;ycd-countdown-number-size&quot;:&quot;35&quot;,&quot;ycd-number-margin-top&quot;:&quot;0&quot;,&quot;ycd-countdown-number-font-weight&quot;:&quot;bold&quot;,&quot;ycd-countdown-number-font-style&quot;:&quot;normal&quot;,&quot;ycd-countdown-number-font&quot;:&quot;inherit&quot;,&quot;ycd-number-font-family-custom&quot;:&quot;&quot;,&quot;ycd-countdown-years-text&quot;:&quot;Years&quot;,&quot;ycd-countdown-years-color&quot;:&quot;#a52a2a&quot;,&quot;ycd-countdown-years-text-color&quot;:&quot;#000000&quot;,&quot;ycd-countdown-years-numbers-color&quot;:&quot;#000000&quot;,&quot;ycd-countdown-months-text&quot;:&quot;Months&quot;,&quot;ycd-countdown-months-color&quot;:&quot;#8a2be2&quot;,&quot;ycd-countdown-months-text-color&quot;:&quot;#000000&quot;,&quot;ycd-countdown-months-numbers-color&quot;:&quot;&quot;,&quot;ycd-countdown-days&quot;:&quot;on&quot;,&quot;ycd-countdown-days-text&quot;:&quot;DAYS&quot;,&quot;ycd-countdown-days-color&quot;:&quot;#ffcc66&quot;,&quot;ycd-countdown-days-text-color&quot;:&quot;#000000&quot;,&quot;ycd-countdown-days-numbers-color&quot;:&quot;#000000&quot;,&quot;ycd-countdown-hours&quot;:&quot;on&quot;,&quot;ycd-countdown-hours-text&quot;:&quot;HOURS&quot;,&quot;ycd-countdown-hours-color&quot;:&quot;#99ccff&quot;,&quot;ycd-countdown-hours-text-color&quot;:&quot;#000000&quot;,&quot;ycd-countdown-hours-numbers-color&quot;:&quot;#000000&quot;,&quot;ycd-countdown-minutes&quot;:&quot;on&quot;,&quot;ycd-countdown-minutes-text&quot;:&quot;MINUTES&quot;,&quot;ycd-countdown-minutes-color&quot;:&quot;#bbffbb&quot;,&quot;ycd-countdown-minutes-text-color&quot;:&quot;#000000&quot;,&quot;ycd-countdown-minutes-numbers-color&quot;:&quot;#000000&quot;,&quot;ycd-countdown-seconds&quot;:&quot;on&quot;,&quot;ycd-countdown-seconds-text&quot;:&quot;SECONDS&quot;,&quot;ycd-countdown-seconds-color&quot;:&quot;#ff9999&quot;,&quot;ycd-countdown-seconds-text-color&quot;:&quot;#000000&quot;,&quot;ycd-countdown-last-seconds&quot;:&quot;on&quot;,&quot;ycd-countdown-last-seconds-duration&quot;:&quot;10&quot;,&quot;ycd-countdown-last-seconds-color&quot;:&quot;rgba(250, 0, 0, 1)&quot;,&quot;ycd-countdown-seconds-numbers-color&quot;:&quot;#000000&quot;,&quot;ycd-circle-alignment&quot;:&quot;center&quot;,&quot;ycd-circle-animation&quot;:&quot;smooth&quot;,&quot;ycd-countdown-width&quot;:&quot;500&quot;,&quot;ycd-dimension-measure&quot;:&quot;px&quot;,&quot;ycd-countdown-background-circle&quot;:&quot;on&quot;,&quot;ycd-circle-bg-width&quot;:&quot;1.2&quot;,&quot;ycd-countdown-bg-circle-color&quot;:&quot;#60686f&quot;,&quot;ycd-countdown-direction&quot;:&quot;Clockwise&quot;,&quot;ycd-circle-width&quot;:&quot;0.1&quot;,&quot;ycd-circle-start-angle&quot;:&quot;0&quot;,&quot;ycd-bg-image-size&quot;:&quot;cover&quot;,&quot;ycd-bg-image-repeat&quot;:&quot;no-repeat&quot;,&quot;ycd-bg-image-url&quot;:&quot;&quot;,&quot;ycd-bg-video-url&quot;:&quot;&quot;,&quot;ycd-countdown-content-click-url&quot;:&quot;&quot;,&quot;ycd-countdown-expiration-time&quot;:&quot;1&quot;,&quot;ycd-circle-showing-animation&quot;:&quot;No effect&quot;,&quot;ycd-circle-showing-animation-speed&quot;:&quot;1&quot;,&quot;ycd-circle-box-shadow-horizontal-length&quot;:&quot;10&quot;,&quot;ycd-circle-box-shadow-vertical-length&quot;:&quot;10&quot;,&quot;ycd-circle-box-blur-radius&quot;:&quot;5&quot;,&quot;ycd-circle-box-spread-radius&quot;:&quot;1&quot;,&quot;ycd-circle-box-shadow-color&quot;:&quot;#ffffff&quot;,&quot;ycd-countdown-padding&quot;:&quot;0&quot;,&quot;ycd-circle-countdown-before-countdown&quot;:&quot;&quot;,&quot;ycd-circle-countdown-after-countdown&quot;:&quot;&quot;,&quot;ycd-circle-countdown-expiration-before-countdown&quot;:&quot;&quot;,&quot;ycd-circle-countdown-expiration-after-countdown&quot;:&quot;&quot;,&quot;ycd-tr&quot;:{&quot;{translationId}&quot;:{&quot;language&quot;:&quot;af&quot;,&quot;Years&quot;:&quot;&quot;,&quot;Months&quot;:&quot;&quot;,&quot;Days&quot;:&quot;&quot;,&quot;Hours&quot;:&quot;&quot;,&quot;Minutes&quot;:&quot;&quot;,&quot;Seconds&quot;:&quot;&quot;}},&quot;ycd-type&quot;:&quot;circle&quot;,&quot;ycd-post-id&quot;:&quot;6683&quot;,&quot;id&quot;:6683}'\n\t\t\t\tdata-timer=\"0\"\n\t\t\t\tstyle=\"background-image: url(); background-repeat: no-repeat; background-size: cover; ; width: 500px; height: 100%; padding: 0; box-sizing: border-box; background-color: inherit\">\n\t\t\t<\/div>\n\t\t<\/div>\n\t\t<div class=\"ycd-circle-expiration-after-countdown\" style=\"display:none\"><\/div><div class=\"ycd-circle-after-countdown\"><\/div><\/div>\t    <style type=\"text\/css\">\n            #ycd-circle-6683 {\n                padding: 0px;\n                box-sizing: border-box;\n                display: inline-block;\n            }\n            #ycd-circle-6683 h4 {\n                font-size: 9px !important;\n                margin-top: 0px !important;\n                font-weight: normal !important;\n                font-style: initial !important;\n                font-family: Century Gothic !important;\n            }\n            #ycd-circle-6683 span {\n                font-size: 35px !important;\n                margin-top: 0px !important;\n                font-weight: bold !important;\n                font-style: normal !important;\n                font-family: inherit !important;\n            }\n            #ycd-circle-6683 .textDiv_Years h4 {\n                color: #000000            }\n            #ycd-circle-6683 .textDiv_Years span {\n                color: #000000            }\n            #ycd-circle-6683 .textDiv_Months h4 {\n                color: #000000            }\n            #ycd-circle-6683 .textDiv_Months span {\n                color:             }\n            #ycd-circle-6683 .textDiv_Days h4 {\n                color: #000000            }\n            #ycd-circle-6683 .textDiv_Days span {\n                color: #000000            }\n            #ycd-circle-6683 .textDiv_Hours h4 {\n                color: #000000            }\n            #ycd-circle-6683 .textDiv_Hours span {\n                color: #000000            }\n            #ycd-circle-6683 .textDiv_Minutes h4 { \n                color: #000000            }\n            #ycd-circle-6683 .textDiv_Minutes span {\n                color: #000000            }\n            #ycd-circle-6683 .textDiv_Seconds h4 {\n                color: #000000            }\n            #ycd-circle-6683 .textDiv_Seconds span {\n                color: #000000            }\n            .ycd-circle-6683-wrapper {\n                text-align: center;\n            }\n                    <\/style>\n        <\/div><\/div>\n\t\t\t\t\t\t<\/div>\n\t\t\t\t<\/div>\n\t\t\t\t<div class=\"elementor-element elementor-element-fc1a3aa elementor-widget elementor-widget-text-editor\" data-id=\"fc1a3aa\" data-element_type=\"widget\" data-e-type=\"widget\" data-widget_type=\"text-editor.default\">\n\t\t\t\t<div class=\"elementor-widget-container\">\n\t\t\t\t\t\t\t\t\t<h1 data-start=\"345\" data-end=\"421\"><strong data-start=\"349\" data-end=\"419\">Rural Youth Alternative Futures:<br \/>New Narratives and Possibilities<\/strong><\/h1><p data-start=\"422\" data-end=\"507\"><strong data-start=\"422\" data-end=\"447\">7 \u2013 11 September 2026<\/strong> | <strong data-start=\"450\" data-end=\"507\">Angra do Hero\u00edsmo, Terceira Island (Azores, Portugal)<\/strong><\/p><p data-start=\"509\" data-end=\"955\">The <strong data-start=\"513\" data-end=\"557\">European Rural Youth Observatory (EURYO)<\/strong> is proud to co-organise the 2026 <strong data-start=\"591\" data-end=\"642\">Summer School \u201cRural Youth Alternative Futures\u201d<\/strong> with <strong data-start=\"648\" data-end=\"688\">Universit\u00e0 Cattolica del Sacro Cuore<\/strong>. This intensive five-day programme brings together researchers, practitioners, PhD students, and community workers to explore <strong data-start=\"815\" data-end=\"873\">inclusive, sustainable, and forward-looking approaches<\/strong> to rural development and youth empowerment.<\/p><hr data-start=\"957\" data-end=\"960\" \/><h3 data-start=\"962\" data-end=\"988\">About the Programme<\/h3><p data-start=\"990\" data-end=\"1206\">This Summer School offers a unique blend of <strong data-start=\"1034\" data-end=\"1112\">conceptual foundations, empirical insights, and practice-oriented learning<\/strong> focused on rural youth lives across Europe. Participants will engage with key issues such as:<\/p><p data-start=\"990\" data-end=\"1206\"><strong style=\"font-size: 0.875em;\" data-start=\"1210\" data-end=\"1261\">Rural youth mobilities and territorial cohesion<br \/><\/strong><strong style=\"font-size: 0.875em;\" data-start=\"1266\" data-end=\"1317\">Education pathways and skills for rural futures<br \/><\/strong><strong style=\"font-size: 0.875em;\" data-start=\"1322\" data-end=\"1364\">Youth entrepreneurship and decent work<br \/><\/strong><strong style=\"font-size: 0.875em;\" data-start=\"1369\" data-end=\"1420\">Community resilience and place-based innovation<br \/><\/strong><strong style=\"font-size: 0.875em;\" data-start=\"1425\" data-end=\"1473\">Social inclusion and sustainable development<\/strong><\/p><p data-start=\"1513\" data-end=\"1729\">Interactive sessions include keynote lectures, thematic modules, participatory workshops, and discussions designed to deepen understanding of both theory and real-world practice.<\/p><p data-start=\"1731\" data-end=\"2031\">A field visit to the <strong data-start=\"1752\" data-end=\"1791\">Terinov Science and Technology Park<\/strong> offers direct engagement with local entrepreneurs and innovation initiatives in a rural island context \u2014 an opportunity to see theory in action and connect with place-based rural development practices.<\/p><hr data-start=\"2033\" data-end=\"2036\" \/><h3 data-start=\"2038\" data-end=\"2055\">Objectives<\/h3><p data-start=\"2057\" data-end=\"2104\">By participating in the Summer School, you will:<\/p><ul data-start=\"2106\" data-end=\"2521\"><li data-start=\"2106\" data-end=\"2174\"><p data-start=\"2108\" data-end=\"2174\"><strong data-start=\"2108\" data-end=\"2138\">Bridge theory and practice<\/strong> in community-based methodologies.<\/p><\/li><li data-start=\"2175\" data-end=\"2264\"><p data-start=\"2177\" data-end=\"2264\"><strong data-start=\"2177\" data-end=\"2210\">Acquire participatory methods<\/strong> to engage, mobilise, and empower rural communities.<\/p><\/li><li data-start=\"2265\" data-end=\"2332\"><p data-start=\"2267\" data-end=\"2332\"><strong data-start=\"2267\" data-end=\"2319\">Analyse structural and emerging rural challenges<\/strong> in Europe.<\/p><\/li><li data-start=\"2333\" data-end=\"2409\"><p data-start=\"2335\" data-end=\"2409\"><strong data-start=\"2335\" data-end=\"2375\">Develop context-sensitive approaches<\/strong> toward inclusive rural futures.<\/p><\/li><li data-start=\"2410\" data-end=\"2521\"><p data-start=\"2412\" data-end=\"2521\"><strong data-start=\"2412\" data-end=\"2459\">Build an international professional network<\/strong> with peers and experts.<\/p><\/li><\/ul><h3 data-start=\"2707\" data-end=\"2740\">Who Should Participate?<\/h3><p data-start=\"2742\" data-end=\"2776\">The Summer School is designed for:<\/p><ul data-start=\"2778\" data-end=\"3129\"><li data-start=\"2778\" data-end=\"2875\"><p data-start=\"2780\" data-end=\"2875\"><strong data-start=\"2780\" data-end=\"2825\">PhD students and early-career researchers<\/strong> interested in rural studies and youth research.<\/p><\/li><li data-start=\"2876\" data-end=\"2970\"><p data-start=\"2878\" data-end=\"2970\"><strong data-start=\"2878\" data-end=\"2936\">Practitioners, youth workers, and social professionals<\/strong> working with rural communities.<\/p><\/li><li data-start=\"2971\" data-end=\"3129\"><p data-start=\"2973\" data-end=\"3129\"><strong data-start=\"2973\" data-end=\"3003\">Students and professionals<\/strong> seeking advanced knowledge and practical frameworks to apply in rural development work.<\/p><\/li><\/ul><hr data-start=\"3131\" data-end=\"3134\" \/><h3 data-start=\"3136\" data-end=\"3160\">Venue &amp; Logistics<\/h3><p data-start=\"3162\" data-end=\"3337\"><strong data-start=\"3162\" data-end=\"3172\">Where:<\/strong> Angra do Hero\u00edsmo Interpretive Center, Angra do Hero\u00edsmo, Terceira Island (Azores, Portugal)<br data-start=\"3265\" data-end=\"3268\" \/><strong data-start=\"3268\" data-end=\"3277\">When:<\/strong> 7 \u2013 11 September 2026<\/p><p data-start=\"3339\" data-end=\"3591\">The school includes <strong data-start=\"3359\" data-end=\"3395\">40 hours of interactive training<\/strong>, combining lectures, workshops, and field visits. Angra do Hero\u00edsmo\u2019s historic centre \u2014 a <strong data-start=\"3486\" data-end=\"3516\">UNESCO World Heritage site<\/strong> \u2014 provides a rich cultural backdrop.<\/p><p data-start=\"3593\" data-end=\"3904\"><strong data-start=\"3593\" data-end=\"3604\">Travel:<\/strong> Terceira Island is served by <strong data-start=\"3634\" data-end=\"3663\">Aeroporto das Lajes (TER)<\/strong>, with direct flights from Lisbon and Porto and connections to major European cities. Local transport from the airport to Angra do Hero\u00edsmo is widely available by taxi, private transfer, or rental car.<\/p><p data-start=\"3906\" data-end=\"4088\"><strong data-start=\"3906\" data-end=\"3924\">Accommodation:<\/strong><br data-start=\"3924\" data-end=\"3927\" \/>Participants\u2019 fees include accommodation (5 nights) at <strong data-start=\"3982\" data-end=\"4001\">Beira Mar Hotel<\/strong> in Angra do Hero\u00edsmo, with breakfast provided.<\/p><hr data-start=\"4090\" data-end=\"4093\" \/><h3 data-start=\"4095\" data-end=\"4121\">Registration &amp; Fees<\/h3><ul data-start=\"4123\" data-end=\"4270\"><li data-start=\"4123\" data-end=\"4179\"><p data-start=\"4125\" data-end=\"4179\"><strong data-start=\"4125\" data-end=\"4166\">Early-bird fee (until 30 April 2026):<\/strong> \u20ac400 + VAT<\/p><\/li><li data-start=\"4180\" data-end=\"4270\"><p data-start=\"4182\" data-end=\"4270\"><strong data-start=\"4182\" data-end=\"4219\">Regular fee (until 30 June 2026):<\/strong> \u20ac475 + VAT<\/p><\/li><\/ul><p data-start=\"4272\" data-end=\"4490\"><strong data-start=\"4272\" data-end=\"4289\">Fees include:<\/strong> course participation, teaching materials, lunch and coffee breaks during Summer School days, accommodation for five nights, and a <strong data-start=\"4420\" data-end=\"4449\">Certificate of Attendance<\/strong>.<\/p><p data-start=\"4492\" data-end=\"4708\">Participants are admitted on a <strong data-start=\"4523\" data-end=\"4551\">first-come, first-served<\/strong> basis. If the minimum number of participants is not reached, the Summer School will be cancelled with a full refund.<\/p><hr data-start=\"4710\" data-end=\"4713\" \/><h3 data-start=\"4715\" data-end=\"4734\">Key Features<\/h3><ul data-start=\"4736\" data-end=\"5185\"><li data-start=\"4736\" data-end=\"4827\"><p data-start=\"4738\" data-end=\"4827\"><strong data-start=\"4738\" data-end=\"4762\">Academic excellence:<\/strong> Learn from internationally recognised experts and researchers.<\/p><\/li><li data-start=\"4828\" data-end=\"4944\"><p data-start=\"4830\" data-end=\"4944\"><strong data-start=\"4830\" data-end=\"4864\">Interdisciplinary perspective:<\/strong> Gain insights across sociology, policy, education, and community development.<\/p><\/li><li data-start=\"4945\" data-end=\"5021\"><p data-start=\"4947\" data-end=\"5021\"><strong data-start=\"4947\" data-end=\"4971\">Professional growth:<\/strong> Strengthen your skills and expand your network.<\/p><\/li><li data-start=\"5022\" data-end=\"5185\"><p data-start=\"5024\" data-end=\"5185\"><strong data-start=\"5024\" data-end=\"5040\">Recognition:<\/strong> Receive both a <strong data-start=\"5056\" data-end=\"5078\">digital Open Badge<\/strong> and a <strong data-start=\"5085\" data-end=\"5114\">Certificate of Attendance<\/strong> to showcase your competencies.<\/p><\/li><\/ul><hr data-start=\"5187\" data-end=\"5190\" \/><h3 data-start=\"5192\" data-end=\"5220\">Faculty Highlights<\/h3><p data-start=\"5222\" data-end=\"5284\">The Summer School features an international faculty including:<\/p><p data-start=\"5222\" data-end=\"5284\"><strong style=\"font-size: 0.875em;\" data-start=\"5288\" data-end=\"5308\">Francisco Sim\u00f5es<\/strong><span style=\"font-size: 0.875em;\"> \u2014 Chair, European Rural Youth Observatory<br \/><\/span><strong style=\"font-size: 0.875em;\" data-start=\"5355\" data-end=\"5370\">Elena Marta<\/strong><span style=\"font-size: 0.875em;\"> \u2014 Scientific Director, Universit\u00e0 Cattolica del Sacro Cuore<br \/><\/span><strong style=\"font-size: 0.875em;\" data-start=\"5435\" data-end=\"5459\">Adriano Mauro Ellena<\/strong><span style=\"font-size: 0.875em;\"> \u2014 Universit\u00e0 Cattolica del Sacro Cuore<br \/><\/span><strong style=\"font-size: 0.875em;\" data-start=\"5503\" data-end=\"5517\">Paul Flynn<\/strong><span style=\"font-size: 0.875em;\"> \u2014 University of Galway<br \/><\/span><strong style=\"font-size: 0.875em;\" data-start=\"5545\" data-end=\"5565\">Tatiana Ferreira<\/strong><span style=\"font-size: 0.875em;\"> \u2014 Santar\u00e9m Polytechnic University<br \/><\/span><strong style=\"font-size: 0.875em;\" data-start=\"5604\" data-end=\"5623\">Alen Muj\u010dinovi\u0107<\/strong><span style=\"font-size: 0.875em;\"> \u2014 University of Sarajevo<br \/><\/span><strong style=\"font-size: 0.875em;\" data-start=\"5653\" data-end=\"5673\">Claudia Petrescu<\/strong><span style=\"font-size: 0.875em;\"> \u2014 Institutul de Cercetare a Calit\u0103\u0163ii Vie\u0163ii<br \/><\/span><strong style=\"font-size: 0.875em;\" data-start=\"5723\" data-end=\"5739\">Jo\u00e3o Almeida<\/strong><span style=\"font-size: 0.875em;\"> \u2014 Rural Movers (Portugal)<\/span><\/p><hr data-start=\"5864\" data-end=\"5867\" \/><h3 data-start=\"5869\" data-end=\"5902\">Contact &amp; More Information<\/h3><p data-start=\"5904\" data-end=\"6027\">For questions and details, contact:<br data-start=\"5939\" data-end=\"5942\" \/>\ud83d\udce7 <strong data-start=\"5945\" data-end=\"5964\"><a class=\"decorated-link cursor-pointer\" rel=\"noopener\" data-start=\"5947\" data-end=\"5962\">euryo@euryo.org<\/a><\/strong><br data-start=\"5964\" data-end=\"5967\" \/>\ud83c\udf10 <strong data-start=\"5970\" data-end=\"5987\"><a class=\"decorated-link cursor-pointer\" target=\"_new\" rel=\"noopener\" data-start=\"5972\" data-end=\"5985\">www.euryo.org<\/a><\/strong><\/p><p data-start=\"6029\" data-end=\"6140\">Ready to apply? <strong data-start=\"6045\" data-end=\"6061\">Register now<\/strong> through the official enrolment portal.<\/p>\t\t\t\t\t\t\t\t<\/div>\n\t\t\t\t<\/div>\n\t\t\t\t<div class=\"elementor-element elementor-element-04e01cb elementor-align-center elementor-widget elementor-widget-button\" data-id=\"04e01cb\" data-element_type=\"widget\" data-e-type=\"widget\" data-widget_type=\"button.default\">\n\t\t\t\t<div class=\"elementor-widget-container\">\n\t\t\t\t\t\t\t\t\t<div class=\"elementor-button-wrapper\">\n\t\t\t\t\t<a class=\"elementor-button elementor-button-link elementor-size-sm elementor-animation-grow\" href=\"https:\/\/iscrizionionline.unicatt.it\/s\/eventsub?subId=a10dY000002C6Bl\">\n\t\t\t\t\t\t<span class=\"elementor-button-content-wrapper\">\n\t\t\t\t\t\t\t\t\t<span class=\"elementor-button-text\">Register here (Unicatt website)<\/span>\n\t\t\t\t\t<\/span>\n\t\t\t\t\t<\/a>\n\t\t\t\t<\/div>\n\t\t\t\t\t\t\t\t<\/div>\n\t\t\t\t<\/div>\n\t\t\t\t\t<\/div>\n\t\t\t\t<\/div>\n\t\t\t\t<\/div>\n\t\t","protected":false},"excerpt":{"rendered":"<p>Rural Youth Alternative Futures:New Narratives and Possibilities 7 \u2013 11 September 2026 | Angra do Hero\u00edsmo, Terceira Island (Azores, Portugal) The European Rural Youth Observatory (EURYO) is proud to co-organise the 2026 Summer School \u201cRural Youth Alternative Futures\u201d with Universit\u00e0 Cattolica del Sacro Cuore. This intensive five-day programme brings together researchers, practitioners, PhD students, and community workers to explore inclusive, sustainable, and forward-looking approaches to rural development and youth empowerment. About the Programme This Summer School offers a unique blend&hellip;<\/p>\n","protected":false},"author":1,"featured_media":0,"parent":0,"menu_order":0,"comment_status":"closed","ping_status":"closed","template":"","meta":{"om_disable_all_campaigns":false,"_monsterinsights_skip_tracking":false,"_monsterinsights_sitenote_active":false,"_monsterinsights_sitenote_note":"","_monsterinsights_sitenote_category":0,"two_page_speed":[],"footnotes":""},"class_list":["post-6675","page","type-page","status-publish","hentry"],"yoast_head":"<!-- This site is optimized with the Yoast SEO plugin v27.0 - https:\/\/yoast.com\/product\/yoast-seo-wordpress\/ -->\n<title>EURYO Summer School 2026 - The Azores - EURYO European Rural Youth Observatory<\/title>\n<meta name=\"robots\" content=\"index, follow, max-snippet:-1, max-image-preview:large, max-video-preview:-1\" \/>\n<link rel=\"canonical\" href=\"https:\/\/www.euryo.org\/web\/euryo-summer-school-2026-the-azores\/\" \/>\n<meta property=\"og:locale\" content=\"en_GB\" \/>\n<meta property=\"og:type\" content=\"article\" \/>\n<meta property=\"og:title\" content=\"EURYO Summer School 2026 - The Azores - EURYO European Rural Youth Observatory\" \/>\n<meta property=\"og:description\" content=\"Rural Youth Alternative Futures:New Narratives and Possibilities 7 \u2013 11 September 2026 | Angra do Hero\u00edsmo, Terceira Island (Azores, Portugal) The European Rural Youth Observatory (EURYO) is proud to co-organise the 2026 Summer School \u201cRural Youth Alternative Futures\u201d with Universit\u00e0 Cattolica del Sacro Cuore. This intensive five-day programme brings together researchers, practitioners, PhD students, and community workers to explore inclusive, sustainable, and forward-looking approaches to rural development and youth empowerment. About the Programme This Summer School offers a unique blend&hellip;\" \/>\n<meta property=\"og:url\" content=\"https:\/\/www.euryo.org\/web\/euryo-summer-school-2026-the-azores\/\" \/>\n<meta property=\"og:site_name\" content=\"EURYO European Rural Youth Observatory\" \/>\n<meta property=\"article:publisher\" content=\"https:\/\/www.facebook.com\/EURuralYouth\/\" \/>\n<meta property=\"article:modified_time\" content=\"2026-02-24T09:37:21+00:00\" \/>\n<meta property=\"og:image\" content=\"https:\/\/www.euryo.org\/web\/wp-content\/uploads\/2026\/02\/EURYO-Summer-School-The-Azores-2026.png\" \/>\n\t<meta property=\"og:image:width\" content=\"1200\" \/>\n\t<meta property=\"og:image:height\" content=\"1200\" \/>\n\t<meta property=\"og:image:type\" content=\"image\/png\" \/>\n<meta name=\"twitter:card\" content=\"summary_large_image\" \/>\n<meta name=\"twitter:site\" content=\"@EURuralYouth\" \/>\n<meta name=\"twitter:label1\" content=\"Estimated reading time\" \/>\n\t<meta name=\"twitter:data1\" content=\"3 minutes\" \/>\n<script type=\"application\/ld+json\" class=\"yoast-schema-graph\">{\"@context\":\"https:\/\/schema.org\",\"@graph\":[{\"@type\":\"WebPage\",\"@id\":\"https:\/\/www.euryo.org\/web\/euryo-summer-school-2026-the-azores\/\",\"url\":\"https:\/\/www.euryo.org\/web\/euryo-summer-school-2026-the-azores\/\",\"name\":\"EURYO Summer School 2026 - The Azores - EURYO European Rural Youth Observatory\",\"isPartOf\":{\"@id\":\"https:\/\/www.euryo.org\/web\/#website\"},\"primaryImageOfPage\":{\"@id\":\"https:\/\/www.euryo.org\/web\/euryo-summer-school-2026-the-azores\/#primaryimage\"},\"image\":{\"@id\":\"https:\/\/www.euryo.org\/web\/euryo-summer-school-2026-the-azores\/#primaryimage\"},\"thumbnailUrl\":\"https:\/\/www.euryo.org\/web\/wp-content\/uploads\/2026\/02\/EURYO-Summer-School-The-Azores-2026-1024x1024.png\",\"datePublished\":\"2026-01-26T15:58:21+00:00\",\"dateModified\":\"2026-02-24T09:37:21+00:00\",\"breadcrumb\":{\"@id\":\"https:\/\/www.euryo.org\/web\/euryo-summer-school-2026-the-azores\/#breadcrumb\"},\"inLanguage\":\"en-GB\",\"potentialAction\":[{\"@type\":\"ReadAction\",\"target\":[\"https:\/\/www.euryo.org\/web\/euryo-summer-school-2026-the-azores\/\"]}]},{\"@type\":\"ImageObject\",\"inLanguage\":\"en-GB\",\"@id\":\"https:\/\/www.euryo.org\/web\/euryo-summer-school-2026-the-azores\/#primaryimage\",\"url\":\"https:\/\/www.euryo.org\/web\/wp-content\/uploads\/2026\/02\/EURYO-Summer-School-The-Azores-2026.png\",\"contentUrl\":\"https:\/\/www.euryo.org\/web\/wp-content\/uploads\/2026\/02\/EURYO-Summer-School-The-Azores-2026.png\",\"width\":1200,\"height\":1200},{\"@type\":\"BreadcrumbList\",\"@id\":\"https:\/\/www.euryo.org\/web\/euryo-summer-school-2026-the-azores\/#breadcrumb\",\"itemListElement\":[{\"@type\":\"ListItem\",\"position\":1,\"name\":\"Home\",\"item\":\"https:\/\/www.euryo.org\/web\/\"},{\"@type\":\"ListItem\",\"position\":2,\"name\":\"EURYO Summer School 2026 &#8211; The Azores\"}]},{\"@type\":\"WebSite\",\"@id\":\"https:\/\/www.euryo.org\/web\/#website\",\"url\":\"https:\/\/www.euryo.org\/web\/\",\"name\":\"EURYO European Rural Youth Observatory\",\"description\":\"EURYO European Rural Youth Observatory\",\"publisher\":{\"@id\":\"https:\/\/www.euryo.org\/web\/#organization\"},\"potentialAction\":[{\"@type\":\"SearchAction\",\"target\":{\"@type\":\"EntryPoint\",\"urlTemplate\":\"https:\/\/www.euryo.org\/web\/?s={search_term_string}\"},\"query-input\":{\"@type\":\"PropertyValueSpecification\",\"valueRequired\":true,\"valueName\":\"search_term_string\"}}],\"inLanguage\":\"en-GB\"},{\"@type\":\"Organization\",\"@id\":\"https:\/\/www.euryo.org\/web\/#organization\",\"name\":\"EURYO European Rural Youth Observatory\",\"url\":\"https:\/\/www.euryo.org\/web\/\",\"logo\":{\"@type\":\"ImageObject\",\"inLanguage\":\"en-GB\",\"@id\":\"https:\/\/www.euryo.org\/web\/#\/schema\/logo\/image\/\",\"url\":\"https:\/\/www.euryo.org\/web\/wp-content\/uploads\/2025\/03\/EURYO-HD.webp\",\"contentUrl\":\"https:\/\/www.euryo.org\/web\/wp-content\/uploads\/2025\/03\/EURYO-HD.webp\",\"width\":1920,\"height\":554,\"caption\":\"EURYO European Rural Youth Observatory\"},\"image\":{\"@id\":\"https:\/\/www.euryo.org\/web\/#\/schema\/logo\/image\/\"},\"sameAs\":[\"https:\/\/www.facebook.com\/EURuralYouth\/\",\"https:\/\/x.com\/EURuralYouth\",\"https:\/\/www.linkedin.com\/company\/euryo\"]}]}<\/script>\n<!-- \/ Yoast SEO plugin. -->","yoast_head_json":{"title":"EURYO Summer School 2026 - The Azores - EURYO European Rural Youth Observatory","robots":{"index":"index","follow":"follow","max-snippet":"max-snippet:-1","max-image-preview":"max-image-preview:large","max-video-preview":"max-video-preview:-1"},"canonical":"https:\/\/www.euryo.org\/web\/euryo-summer-school-2026-the-azores\/","og_locale":"en_GB","og_type":"article","og_title":"EURYO Summer School 2026 - The Azores - EURYO European Rural Youth Observatory","og_description":"Rural Youth Alternative Futures:New Narratives and Possibilities 7 \u2013 11 September 2026 | Angra do Hero\u00edsmo, Terceira Island (Azores, Portugal) The European Rural Youth Observatory (EURYO) is proud to co-organise the 2026 Summer School \u201cRural Youth Alternative Futures\u201d with Universit\u00e0 Cattolica del Sacro Cuore. This intensive five-day programme brings together researchers, practitioners, PhD students, and community workers to explore inclusive, sustainable, and forward-looking approaches to rural development and youth empowerment. About the Programme This Summer School offers a unique blend&hellip;","og_url":"https:\/\/www.euryo.org\/web\/euryo-summer-school-2026-the-azores\/","og_site_name":"EURYO European Rural Youth Observatory","article_publisher":"https:\/\/www.facebook.com\/EURuralYouth\/","article_modified_time":"2026-02-24T09:37:21+00:00","og_image":[{"width":1200,"height":1200,"url":"https:\/\/www.euryo.org\/web\/wp-content\/uploads\/2026\/02\/EURYO-Summer-School-The-Azores-2026.png","type":"image\/png"}],"twitter_card":"summary_large_image","twitter_site":"@EURuralYouth","twitter_misc":{"Estimated reading time":"3 minutes"},"schema":{"@context":"https:\/\/schema.org","@graph":[{"@type":"WebPage","@id":"https:\/\/www.euryo.org\/web\/euryo-summer-school-2026-the-azores\/","url":"https:\/\/www.euryo.org\/web\/euryo-summer-school-2026-the-azores\/","name":"EURYO Summer School 2026 - The Azores - EURYO European Rural Youth Observatory","isPartOf":{"@id":"https:\/\/www.euryo.org\/web\/#website"},"primaryImageOfPage":{"@id":"https:\/\/www.euryo.org\/web\/euryo-summer-school-2026-the-azores\/#primaryimage"},"image":{"@id":"https:\/\/www.euryo.org\/web\/euryo-summer-school-2026-the-azores\/#primaryimage"},"thumbnailUrl":"https:\/\/www.euryo.org\/web\/wp-content\/uploads\/2026\/02\/EURYO-Summer-School-The-Azores-2026-1024x1024.png","datePublished":"2026-01-26T15:58:21+00:00","dateModified":"2026-02-24T09:37:21+00:00","breadcrumb":{"@id":"https:\/\/www.euryo.org\/web\/euryo-summer-school-2026-the-azores\/#breadcrumb"},"inLanguage":"en-GB","potentialAction":[{"@type":"ReadAction","target":["https:\/\/www.euryo.org\/web\/euryo-summer-school-2026-the-azores\/"]}]},{"@type":"ImageObject","inLanguage":"en-GB","@id":"https:\/\/www.euryo.org\/web\/euryo-summer-school-2026-the-azores\/#primaryimage","url":"https:\/\/www.euryo.org\/web\/wp-content\/uploads\/2026\/02\/EURYO-Summer-School-The-Azores-2026.png","contentUrl":"https:\/\/www.euryo.org\/web\/wp-content\/uploads\/2026\/02\/EURYO-Summer-School-The-Azores-2026.png","width":1200,"height":1200},{"@type":"BreadcrumbList","@id":"https:\/\/www.euryo.org\/web\/euryo-summer-school-2026-the-azores\/#breadcrumb","itemListElement":[{"@type":"ListItem","position":1,"name":"Home","item":"https:\/\/www.euryo.org\/web\/"},{"@type":"ListItem","position":2,"name":"EURYO Summer School 2026 &#8211; The Azores"}]},{"@type":"WebSite","@id":"https:\/\/www.euryo.org\/web\/#website","url":"https:\/\/www.euryo.org\/web\/","name":"EURYO European Rural Youth Observatory","description":"EURYO European Rural Youth Observatory","publisher":{"@id":"https:\/\/www.euryo.org\/web\/#organization"},"potentialAction":[{"@type":"SearchAction","target":{"@type":"EntryPoint","urlTemplate":"https:\/\/www.euryo.org\/web\/?s={search_term_string}"},"query-input":{"@type":"PropertyValueSpecification","valueRequired":true,"valueName":"search_term_string"}}],"inLanguage":"en-GB"},{"@type":"Organization","@id":"https:\/\/www.euryo.org\/web\/#organization","name":"EURYO European Rural Youth Observatory","url":"https:\/\/www.euryo.org\/web\/","logo":{"@type":"ImageObject","inLanguage":"en-GB","@id":"https:\/\/www.euryo.org\/web\/#\/schema\/logo\/image\/","url":"https:\/\/www.euryo.org\/web\/wp-content\/uploads\/2025\/03\/EURYO-HD.webp","contentUrl":"https:\/\/www.euryo.org\/web\/wp-content\/uploads\/2025\/03\/EURYO-HD.webp","width":1920,"height":554,"caption":"EURYO European Rural Youth Observatory"},"image":{"@id":"https:\/\/www.euryo.org\/web\/#\/schema\/logo\/image\/"},"sameAs":["https:\/\/www.facebook.com\/EURuralYouth\/","https:\/\/x.com\/EURuralYouth","https:\/\/www.linkedin.com\/company\/euryo"]}]}},"_links":{"self":[{"href":"https:\/\/www.euryo.org\/web\/wp-json\/wp\/v2\/pages\/6675","targetHints":{"allow":["GET"]}}],"collection":[{"href":"https:\/\/www.euryo.org\/web\/wp-json\/wp\/v2\/pages"}],"about":[{"href":"https:\/\/www.euryo.org\/web\/wp-json\/wp\/v2\/types\/page"}],"author":[{"embeddable":true,"href":"https:\/\/www.euryo.org\/web\/wp-json\/wp\/v2\/users\/1"}],"replies":[{"embeddable":true,"href":"https:\/\/www.euryo.org\/web\/wp-json\/wp\/v2\/comments?post=6675"}],"version-history":[{"count":18,"href":"https:\/\/www.euryo.org\/web\/wp-json\/wp\/v2\/pages\/6675\/revisions"}],"predecessor-version":[{"id":6706,"href":"https:\/\/www.euryo.org\/web\/wp-json\/wp\/v2\/pages\/6675\/revisions\/6706"}],"wp:attachment":[{"href":"https:\/\/www.euryo.org\/web\/wp-json\/wp\/v2\/media?parent=6675"}],"curies":[{"name":"wp","href":"https:\/\/api.w.org\/{rel}","templated":true}]}}